{"id":163,"date":"2013-08-17T11:51:53","date_gmt":"2013-08-17T08:51:53","guid":{"rendered":"http:\/\/teeksu.ayy.fi\/wordpress\/?page_id=163"},"modified":"2025-01-12T16:56:43","modified_gmt":"2025-01-12T16:56:43","slug":"vanhat-hallitukset","status":"publish","type":"page","link":"https:\/\/www.teeksu.fi\/index.php\/vanhat-hallitukset\/","title":{"rendered":"Vanhat hallitukset"},"content":{"rendered":"\n<h2 class=\"wp-block-heading\">HALLITUS 2024<\/h2>\n\n\n\n<figure class=\"wp-block-table\"><table class=\"has-fixed-layout\"><tbody><tr><td>PUHEENJOHTAJA:&nbsp;<\/td><td>Juho Hiltunen<\/td><\/tr><tr><td>VARAPUHEENJOHTAJA:<\/td><td>Mikko Tervakangas<\/td><\/tr><tr><td>SIHTEERI: &nbsp; &nbsp; &nbsp; &nbsp; &nbsp;&nbsp;<\/td><td>Elias Tikkanen<\/td><\/tr><tr><td>RAHASTONHOITAJA:&nbsp;<\/td><td>Eemeli Kokkonen<\/td><\/tr><tr><td>PROJEKTIP\u00c4\u00c4LLIKK\u00d6:<\/td><td>Eero Turkki<\/td><\/tr><tr><td>SAUNAMAJURI:<\/td><td>Mikael Rautio<\/td><\/tr><\/tbody><\/table><\/figure>\n\n\n\n<h2 class=\"wp-block-heading\">HALLITUS 2023<\/h2>\n\n\n\n<figure class=\"wp-block-table\"><table class=\"has-fixed-layout\"><tbody><tr><td>PUHEENJOHTAJA:&nbsp;<\/td><td>Mikko Tervakangas<\/td><\/tr><tr><td>VARAPUHEENJOHTAJA:<\/td><td>Juha Rauhala<\/td><\/tr><tr><td>SIHTEERI: &nbsp; &nbsp; &nbsp; &nbsp; &nbsp;&nbsp;<\/td><td>Elias Tikkanen<\/td><\/tr><tr><td>RAHASTONHOITAJA:&nbsp;<\/td><td>Veera Korteniemi<\/td><\/tr><tr><td>PROJEKTIP\u00c4\u00c4LLIKK\u00d6:<\/td><td>Juho Hiltunen<\/td><\/tr><tr><td>SAUNAMAJURI:<\/td><td>Eemeli Kokkonen<\/td><\/tr><\/tbody><\/table><\/figure>\n\n\n\n<h2 class=\"wp-block-heading\">HALLITUS 2022<\/h2>\n\n\n\n<figure class=\"wp-block-table\"><table class=\"has-fixed-layout\"><tbody><tr><td>PUHEENJOHTAJA:&nbsp; &nbsp; &nbsp;&nbsp;<\/td><td>Juha Rauhala<\/td><\/tr><tr><td>VARAPUHEENJOHTAJA:<\/td><td>Eemeli Suominen<\/td><\/tr><tr><td>SIHTEERI: &nbsp; &nbsp; &nbsp; &nbsp; &nbsp;&nbsp;<\/td><td>Antti Ursin<\/td><\/tr><tr><td>RAHASTONHOITAJA:&nbsp;<\/td><td>Olli Malinen<\/td><\/tr><tr><td>PROJEKTIP\u00c4\u00c4LLIKK\u00d6:<\/td><td>Aleksi Pietik\u00e4inen<\/td><\/tr><tr><td>SAUNAMAJURI:<\/td><td>Mikko Tervakangas<\/td><\/tr><\/tbody><\/table><\/figure>\n\n\n\n<h2 class=\"wp-block-heading\">HALLITUS 2021<\/h2>\n\n\n\n<figure class=\"wp-block-table\"><table class=\"has-fixed-layout\"><tbody><tr><td>PUHEENJOHTAJA:&nbsp; &nbsp; &nbsp;&nbsp;<\/td><td>Eemeli Suominen<\/td><\/tr><tr><td>VARAPUHEENJOHTAJA:<\/td><td>Antti J\u00e4rvenp\u00e4\u00e4<\/td><\/tr><tr><td>SIHTEERI: &nbsp; &nbsp; &nbsp; &nbsp; &nbsp;&nbsp;<\/td><td>Juha Rauhala<\/td><\/tr><tr><td>RAHASTONHOITAJA:&nbsp;<\/td><td>Johannes Hyv\u00f6nen<\/td><\/tr><tr><td>PROJEKTIP\u00c4\u00c4LLIKK\u00d6:<\/td><td>Aleksi Pietik\u00e4inen<\/td><\/tr><tr><td>SAUNAMAJURI:<\/td><td>Vesa Nokka<\/td><\/tr><\/tbody><\/table><\/figure>\n\n\n\n<h2 class=\"wp-block-heading\">HALLITUS 2020<\/h2>\n\n\n\n<figure class=\"wp-block-table\"><table class=\"has-fixed-layout\"><tbody><tr><td>PUHEENJOHTAJA:&nbsp; &nbsp; &nbsp;&nbsp;<\/td><td>Antti J\u00e4rvenp\u00e4\u00e4<\/td><\/tr><tr><td>VARAPUHEENJOHTAJA:<\/td><td>Jere Pantsar<\/td><\/tr><tr><td>SIHTEERI: &nbsp; &nbsp; &nbsp; &nbsp; &nbsp;&nbsp;<\/td><td>Aleksi Pietik\u00e4inen<\/td><\/tr><tr><td>RAHASTONHOITAJA:&nbsp;<\/td><td>Isabel Donner<\/td><\/tr><tr><td>PROJEKTIP\u00c4\u00c4LLIKK\u00d6:<\/td><td>Janne Niskanen<\/td><\/tr><tr><td>SAUNAMAJURI:<\/td><td>Veera Korteniemi<\/td><\/tr><\/tbody><\/table><\/figure>\n\n\n\n<h2 class=\"wp-block-heading\"><\/h2>\n\n\n\n<h2 class=\"wp-block-heading\">HALLITUS 2019<\/h2>\n\n\n\n<figure class=\"wp-block-table\"><table class=\"has-fixed-layout\"><tbody><tr><td>PUHEENJOHTAJA:&nbsp; &nbsp; &nbsp;&nbsp;<\/td><td>Jere Pantsar<\/td><\/tr><tr><td>VARAPUHEENJOHTAJA:<\/td><td>Caj Snickars<\/td><\/tr><tr><td>SIHTEERI: &nbsp; &nbsp; &nbsp; &nbsp; &nbsp;&nbsp;<\/td><td>Janne Niskanen<\/td><\/tr><tr><td>RAHASTONHOITAJA:&nbsp;<\/td><td>Antti J\u00e4rvenp\u00e4\u00e4<\/td><\/tr><tr><td>PROJEKTIP\u00c4\u00c4LLIKK\u00d6:<\/td><td>Aleksi Pietik\u00e4inen<\/td><\/tr><tr><td>SAUNAMAJURI:<\/td><td>Kerttu Aronen<\/td><\/tr><\/tbody><\/table><\/figure>\n\n\n\n<h2 class=\"wp-block-heading\"><\/h2>\n\n\n\n<h2 class=\"wp-block-heading\">HALLITUS 2018<\/h2>\n\n\n\n<figure class=\"wp-block-table\"><table class=\"has-fixed-layout\"><tbody><tr><td>PUHEENJOHTAJA:&nbsp; &nbsp; &nbsp;&nbsp;<\/td><td>Caj Snickars<\/td><\/tr><tr><td>VARAPUHEENJOHTAJA:<\/td><td>Otso Sepp\u00e4l\u00e4<\/td><\/tr><tr><td>SIHTEERI: &nbsp; &nbsp; &nbsp; &nbsp; &nbsp;&nbsp;<\/td><td>Jere Pantsar<\/td><\/tr><tr><td>RAHASTONHOITAJA:&nbsp;<\/td><td>Antti J\u00e4rvenp\u00e4\u00e4<\/td><\/tr><tr><td>PROJEKTIP\u00c4\u00c4LLIKK\u00d6:<\/td><td>Juha Rauhala<\/td><\/tr><tr><td>SAUNAMAJURI:<\/td><td>Eemeli Suominen<\/td><\/tr><\/tbody><\/table><\/figure>\n\n\n\n<h2 class=\"wp-block-heading\"><\/h2>\n\n\n\n<h2 class=\"wp-block-heading\">HALLITUS 2017<\/h2>\n\n\n\n<figure class=\"wp-block-table\"><table class=\"has-fixed-layout\"><tbody><tr><td>PUHEENJOHTAJA: &nbsp; &nbsp; &nbsp;<\/td><td>Mikko Laakso<\/td><\/tr><tr><td>VARAPUHEENJOHTAJA:<\/td><td>Vili Virkki<\/td><\/tr><tr><td>SIHTEERI: &nbsp; &nbsp; &nbsp; &nbsp; &nbsp;&nbsp;<\/td><td>Juha Rauhala<\/td><\/tr><tr><td>RAHASTONHOITAJA:&nbsp;<\/td><td>Caj Snickars<\/td><\/tr><tr><td>PROJEKTIP\u00c4\u00c4LLIKK\u00d6:<\/td><td>Jere Pantsar<\/td><\/tr><tr><td>SAUNAMAJURI:<\/td><td>Otso Sepp\u00e4l\u00e4<\/td><\/tr><\/tbody><\/table><\/figure>\n\n\n\n<h2 class=\"wp-block-heading\"><\/h2>\n\n\n\n<h2 class=\"wp-block-heading\">HALLITUS 2016<\/h2>\n\n\n\n<figure class=\"wp-block-table\"><table class=\"has-fixed-layout\"><tbody><tr><td>PUHEENJOHTAJA: &nbsp; &nbsp; &nbsp;<\/td><td>Vili Virkki<\/td><\/tr><tr><td>VARAPUHEENJOHTAJA:<\/td><td>Ina Westerlund<\/td><\/tr><tr><td>SIHTEERI: &nbsp; &nbsp; &nbsp; &nbsp; &nbsp;&nbsp;<\/td><td>Rasmus Tunis<\/td><\/tr><tr><td>RAHASTONHOITAJA: &nbsp;&nbsp;<\/td><td>Aada Forsman<\/td><\/tr><tr><td>PROJEKTIP\u00c4\u00c4LLIKK\u00d6:&nbsp;<\/td><td>Otso Sepp\u00e4l\u00e4<\/td><\/tr><\/tbody><\/table><\/figure>\n\n\n\n<h2 class=\"wp-block-heading\"><\/h2>\n\n\n\n<h2 class=\"wp-block-heading\">HALLITUS 2015<\/h2>\n\n\n\n<figure class=\"wp-block-table\"><table class=\"has-fixed-layout\"><tbody><tr><td>PUHEENJOHTAJA: &nbsp; &nbsp; &nbsp;<\/td><td>Ina Westerlund<\/td><\/tr><tr><td>VARAPUHEENJOHTAJA:<\/td><td>Seppo J\u00e4rvinen<\/td><\/tr><tr><td>SIHTEERI: &nbsp; &nbsp; &nbsp; &nbsp; &nbsp;&nbsp;<\/td><td>Pyry Huhtanen<\/td><\/tr><tr><td>RAHASTONHOITAJA: &nbsp;&nbsp;<\/td><td>Joel S\u00e5gfors<\/td><\/tr><tr><td>PROJEKTIP\u00c4\u00c4LLIKK\u00d6:&nbsp;<\/td><td>Kalle Liukkonen<\/td><\/tr><\/tbody><\/table><\/figure>\n\n\n\n<h2 class=\"wp-block-heading\"><\/h2>\n\n\n\n<h2 class=\"wp-block-heading\">HALLITUS 2014<\/h2>\n\n\n\n<figure class=\"wp-block-table\"><table class=\"has-fixed-layout\"><tbody><tr><td>PUHEENJOHTAJA: &nbsp; &nbsp; &nbsp;<\/td><td>Seppo J\u00e4rvinen<\/td><\/tr><tr><td>VARAPUHEENJOHTAJA:<\/td><td>Rainer Kujala<\/td><\/tr><tr><td>SIHTEERI: &nbsp; &nbsp; &nbsp; &nbsp; &nbsp;&nbsp;<\/td><td>Vili Virkki<\/td><\/tr><tr><td>RAHASTONHOITAJA: &nbsp;&nbsp;<\/td><td>Elina Grahn<\/td><\/tr><tr><td>PROJEKTIP\u00c4\u00c4LLIKK\u00d6:&nbsp;<\/td><td>Ina Westerlund<\/td><\/tr><\/tbody><\/table><\/figure>\n\n\n\n<h2 class=\"wp-block-heading\"><\/h2>\n\n\n\n<h2 class=\"wp-block-heading\">HALLITUS 2013<\/h2>\n\n\n\n<figure class=\"wp-block-table\"><table class=\"has-fixed-layout\"><tbody><tr><td>PUHEENJOHTAJA: &nbsp; &nbsp; &nbsp;<\/td><td>Rainer Kujala<\/td><\/tr><tr><td>VARAPUHEENJOHTAJA:<\/td><td>Eero Korpi<\/td><\/tr><tr><td>SIHTEERI: &nbsp; &nbsp; &nbsp; &nbsp; &nbsp;&nbsp;<\/td><td>Seppo J\u00e4rvinen<\/td><\/tr><tr><td>RAHASTONHOITAJA: &nbsp;&nbsp;<\/td><td>Pyry Huhtanen<\/td><\/tr><tr><td>PROJEKTIP\u00c4\u00c4LLIKK\u00d6:&nbsp;<\/td><td>Kalle Liukkonen<\/td><\/tr><\/tbody><\/table><\/figure>\n\n\n\n<h2 class=\"wp-block-heading\"><\/h2>\n\n\n\n<h2 class=\"wp-block-heading\">HALLITUS 2012<\/h2>\n\n\n\n<figure class=\"wp-block-table\"><table class=\"has-fixed-layout\"><tbody><tr><td>PUHEENJOHTAJA: &nbsp; &nbsp; &nbsp;<\/td><td>Eero Korpi<\/td><\/tr><tr><td>VARAPUHEENJOHTAJA:<\/td><td>Mikko Kolehmainen<\/td><\/tr><tr><td>SIHTEERI: &nbsp; &nbsp; &nbsp; &nbsp; &nbsp;&nbsp;<\/td><td>Roope N\u00e4si<\/td><\/tr><tr><td>RAHASTONHOITAJA: &nbsp;&nbsp;<\/td><td>Santtu Sainio<\/td><\/tr><tr><td>PROJEKTIP\u00c4\u00c4LLIKK\u00d6:&nbsp;<\/td><td>Aliisa Klemel\u00e4<\/td><\/tr><\/tbody><\/table><\/figure>\n\n\n\n<h2 class=\"wp-block-heading\">HALLITUS 2011<\/h2>\n\n\n\n<figure class=\"wp-block-table\"><table class=\"has-fixed-layout\"><tbody><tr><td>PUHEENJOHTAJA:<\/td><td>Mikko Kolehmainen<\/td><\/tr><tr><td>VARAPUHEENJOHTAJA:<\/td><td>Tarja Vesanto<\/td><\/tr><tr><td>SIHTEERI:<\/td><td>Antti Vainio<\/td><\/tr><tr><td>RAHASTONHOITAJA:<\/td><td>Milla Mattila<\/td><\/tr><tr><td>PROJEKTIP\u00c4\u00c4LLIKK\u00d6:<\/td><td>Marjo Liikanen<\/td><\/tr><\/tbody><\/table><\/figure>\n\n\n\n<h2 class=\"wp-block-heading\"><\/h2>\n\n\n\n<h2 class=\"wp-block-heading\">HALLITUS 2010<\/h2>\n\n\n\n<figure class=\"wp-block-table\"><table class=\"has-fixed-layout\"><tbody><tr><td>PUHEENJOHTAJA:<\/td><td>Tarja Vesanto<\/td><\/tr><tr><td>VARAPUHEENJOHTAJA:<\/td><td>Olli Salo<\/td><\/tr><tr><td>SIHTEERI:<\/td><td>Matleena Kukkonen<\/td><\/tr><tr><td>RAHASTONHOITAJA:<\/td><td>Joona Koistinen<\/td><\/tr><tr><td>PROJEKTIP\u00c4\u00c4LLIKK\u00d6:<\/td><td>Marjo Liikanen<\/td><\/tr><\/tbody><\/table><\/figure>\n\n\n\n<h2 class=\"wp-block-heading\">HALLITUS 2009<\/h2>\n\n\n\n<figure class=\"wp-block-table\"><table class=\"has-fixed-layout\"><tbody><tr><td>PUHEENJOHTAJA:<\/td><td>Olli Salo&nbsp;<\/td><\/tr><tr><td>VARAPUHEENJOHTAJA:<\/td><td>Pasi Kujala<\/td><\/tr><tr><td>SIHTEERI:<\/td><td>Tarja Vesanto<\/td><\/tr><tr><td>RAHASTONHOITAJA:<\/td><td>Rainer Kujala<\/td><\/tr><tr><td>PROJEKTIP\u00c4\u00c4LLIKK\u00d6:<\/td><td>Ville Keskisaari<\/td><\/tr><\/tbody><\/table><\/figure>\n\n\n\n<h2 class=\"wp-block-heading\">HALLITUS 2008<\/h2>\n\n\n\n<figure class=\"wp-block-table\"><table class=\"has-fixed-layout\"><tbody><tr><td>PUHEENJOHTAJA:<\/td><td>Pasi Kujala<\/td><\/tr><tr><td>VARAPUHEENJOHTAJA:<\/td><td>Vesa Taanila<\/td><\/tr><tr><td>SIHTEERI:<\/td><td>Oskari Liukkonen<\/td><\/tr><tr><td>RAHASTONHOITAJA:<\/td><td>Ville Keskisaari<\/td><\/tr><tr><td>PROJEKTIP\u00c4\u00c4LLIKK\u00d6:<\/td><td>Niklas Saram\u00e4ki<\/td><\/tr><\/tbody><\/table><\/figure>\n\n\n\n<h2 class=\"wp-block-heading\">HALLITUS 2007<\/h2>\n\n\n\n<figure class=\"wp-block-table\"><table class=\"has-fixed-layout\"><tbody><tr><td>PUHEENJOHTAJA:<\/td><td>Vesa Taanila<\/td><\/tr><tr><td>VARAPUHEENJOHTAJA:<\/td><td>Olli Moisander<\/td><\/tr><tr><td>SIHTEERI:<\/td><td>Antti Parjanne<\/td><\/tr><tr><td>RAHASTONHOITAJA:<\/td><td>Anni M\u00e4kel\u00e4<\/td><\/tr><tr><td>PROJEKTIP\u00c4\u00c4LLIKK\u00d6:<\/td><td>Pauli Juutilainen<\/td><\/tr><\/tbody><\/table><\/figure>\n\n\n\n<h2 class=\"wp-block-heading\">HALLITUS 2006<\/h2>\n\n\n\n<figure class=\"wp-block-table\"><table class=\"has-fixed-layout\"><tbody><tr><td>PUHEENJOHTAJA:<\/td><td>Simo Mertanen<\/td><\/tr><tr><td>VARAPUHEENJOHTAJA:<\/td><td>Olli Moisander<\/td><\/tr><tr><td>SIHTEERI:<\/td><td>Visa V\u00e4\u00e4t\u00e4inen<\/td><\/tr><tr><td>RAHASTONHOITAJA:<\/td><td>Kaija Rantoja<\/td><\/tr><tr><td>PROJEKTIP\u00c4\u00c4LLIKK\u00d6:<\/td><td>Tuomas Mattila<\/td><\/tr><\/tbody><\/table><\/figure>\n\n\n\n<h2 class=\"wp-block-heading\">HALLITUS 2005<\/h2>\n\n\n\n<figure class=\"wp-block-table\"><table class=\"has-fixed-layout\"><tbody><tr><td>PUHEENJOHTAJA:<\/td><td>Olli Moisander<\/td><\/tr><tr><td>VARAPUHEENJOHTAJA:<\/td><td>Tuomo M\u00e4kel\u00e4<\/td><\/tr><tr><td>SIHTEERI:<\/td><td>Tuomas Mattila<\/td><\/tr><tr><td>RAHASTONHOITAJA:<\/td><td>Pasi Nissil\u00e4<\/td><\/tr><tr><td>PROJEKTIP\u00c4\u00c4LLIKK\u00d6:<\/td><td>Vesa Taanila<\/td><\/tr><\/tbody><\/table><\/figure>\n\n\n\n<h2 class=\"wp-block-heading\">HALLITUS 2004<\/h2>\n\n\n\n<figure class=\"wp-block-table\"><table class=\"has-fixed-layout\"><tbody><tr><td>PUHEENJOHTAJA:<\/td><td>Tuomo M\u00e4kel\u00e4<\/td><\/tr><tr><td>VARAPUHEENJOHTAJA:<\/td><td>Harri R\u00e4ty<\/td><\/tr><tr><td>SIHTEERI:<\/td><td>Pauli Juutilainen<\/td><\/tr><tr><td>RAHASTONHOITAJA:<\/td><td>Antti Korhonen<\/td><\/tr><tr><td>PROJEKTIP\u00c4\u00c4LLIKK\u00d6:<\/td><td>Antti Parjanne<\/td><\/tr><\/tbody><\/table><\/figure>\n\n\n\n<h2 class=\"wp-block-heading\">HALLITUS 2003<\/h2>\n\n\n\n<figure class=\"wp-block-table\"><table class=\"has-fixed-layout\"><tbody><tr><td>PUHEENJOHTAJA:<\/td><td>Harri R\u00e4ty<\/td><\/tr><tr><td>VARAPUHEENJOHTAJA:<\/td><td>Olli Kara<\/td><\/tr><tr><td>SIHTEERI:<\/td><td>Antti Pasanen<\/td><\/tr><tr><td>RAHASTONHOITAJA:<\/td><td>Tuomo M\u00e4kel\u00e4<\/td><\/tr><tr><td>PROJEKTIP\u00c4\u00c4LLIKK\u00d6:<\/td><td>Jani Tamminen<\/td><\/tr><\/tbody><\/table><\/figure>\n\n\n\n<h2 class=\"wp-block-heading\">HALLITUS 2002<\/h2>\n\n\n\n<figure class=\"wp-block-table\"><table class=\"has-fixed-layout\"><tbody><tr><td>PUHEENJOHTAJA:<\/td><td>Olli Kara<\/td><\/tr><tr><td>VARAPUHEENJOHTAJA:<\/td><td>Hanne Junnilainen<\/td><\/tr><tr><td>SIHTEERI:<\/td><td>Antti Pasanen<\/td><\/tr><tr><td>RAHASTONHOITAJA:<\/td><td>Anu Annus<\/td><\/tr><tr><td>PROJEKTIP\u00c4\u00c4LLIKK\u00d6:<\/td><td>Jani Tamminen<\/td><\/tr><\/tbody><\/table><\/figure>\n\n\n\n<h2 class=\"wp-block-heading\">HALLITUS 2001<\/h2>\n\n\n\n<figure class=\"wp-block-table\"><table class=\"has-fixed-layout\"><tbody><tr><td>PUHEENJOHTAJA:<\/td><td>Hanne Junnilainen<\/td><\/tr><tr><td>VARAPUHEENJOHTAJA:<\/td><td>Susanna Valkonen<\/td><\/tr><tr><td>SIHTEERI:<\/td><td>Olli Kara<\/td><\/tr><tr><td>RAHASTONHOITAJA:<\/td><td>Jani Tamminen<\/td><\/tr><tr><td>PROJEKTIP\u00c4\u00c4LLIKK\u00d6:<\/td><td>Minna Kapiainen<\/td><\/tr><\/tbody><\/table><\/figure>\n\n\n\n<h2 class=\"wp-block-heading\">HALLITUS 2000<\/h2>\n\n\n\n<figure class=\"wp-block-table\"><table class=\"has-fixed-layout\"><tbody><tr><td>PUHEENJOHTAJA:<\/td><td>Susanna Valkonen<\/td><\/tr><tr><td>VARAPUHEENJOHTAJA:<\/td><td>Sampo Sillanp\u00e4\u00e4<\/td><\/tr><tr><td>SIHTEERI:<\/td><td>Ville Karttunen<\/td><\/tr><tr><td>RAHASTONHOITAJA:<\/td><td>Hanne Junnilainen<\/td><\/tr><tr><td>PROJEKTIP\u00c4\u00c4LLIKK\u00d6:<\/td><td>Reetta M\u00e4kel\u00e4<\/td><\/tr><\/tbody><\/table><\/figure>\n\n\n\n<h2 class=\"wp-block-heading\">HALLITUS 1999<\/h2>\n\n\n\n<figure class=\"wp-block-table\"><table class=\"has-fixed-layout\"><tbody><tr><td>PUHEENJOHTAJA:<\/td><td>Sampo Sillanp\u00e4\u00e4<\/td><\/tr><tr><td>VARAPUHEENJOHTAJA:<\/td><td>Jenni Malmlund<\/td><\/tr><tr><td>SIHTEERI:<\/td><td>Aino Sihvola<\/td><\/tr><tr><td>RAHASTONHOITAJA:<\/td><td>Leena-Maija Harju<\/td><\/tr><tr><td>PROJEKTIP\u00c4\u00c4LLIKK\u00d6:<\/td><td>Simo Martomaa<\/td><\/tr><\/tbody><\/table><\/figure>\n\n\n\n<h2 class=\"wp-block-heading\">HALLITUS 1998<\/h2>\n\n\n\n<figure class=\"wp-block-table\"><table class=\"has-fixed-layout\"><tbody><tr><td>PUHEENJOHTAJA:<\/td><td>Jenni Malmlund<\/td><\/tr><tr><td>VARAPUHEENJOHTAJA:<\/td><td>Juha Tiuraniemi<\/td><\/tr><tr><td>SIHTEERI:<\/td><td>Joel Ahola<\/td><\/tr><tr><td>RAHASTONHOITAJA:<\/td><td>Meri Louhisola<\/td><\/tr><tr><td>PROJEKTIP\u00c4\u00c4LLIKK\u00d6:<\/td><td>Mikael Porthin<\/td><\/tr><\/tbody><\/table><\/figure>\n\n\n\n<h2 class=\"wp-block-heading\">HALLITUS 1997<\/h2>\n\n\n\n<figure class=\"wp-block-table\"><table class=\"has-fixed-layout\"><tbody><tr><td>PUHEENJOHTAJA:<\/td><td>Juha Tiuraniemi<\/td><\/tr><tr><td>VARAPUHEENJOHTAJA:<\/td><td>Jouni Hujakka<\/td><\/tr><tr><td>SIHTEERI:<\/td><td>Saija Miettinen<\/td><\/tr><tr><td>RAHASTONHOITAJA:<\/td><td>Susanna Valkonen<\/td><\/tr><tr><td>PROJEKTIP\u00c4\u00c4LLIKK\u00d6:<\/td><td>Jari Nikkinen<\/td><\/tr><\/tbody><\/table><\/figure>\n\n\n\n<h2 class=\"wp-block-heading\">HALLITUS 1996<\/h2>\n\n\n\n<figure class=\"wp-block-table\"><table class=\"has-fixed-layout\"><tbody><tr><td>PUHEENJOHTAJA:<\/td><td>Jouni Hujakka<\/td><\/tr><tr><td>VARAPUHEENJOHTAJA:<\/td><td>Reijo O Anttila<\/td><\/tr><tr><td>SIHTEERI:<\/td><td>Miika Hernelahti<\/td><\/tr><tr><td>RAHASTONHOITAJA:<\/td><td>Petri Junnilainen<\/td><\/tr><tr><td>PROJEKTIP\u00c4\u00c4LLIKK\u00d6:<\/td><td>Markku Huotari<\/td><\/tr><\/tbody><\/table><\/figure>\n","protected":false},"excerpt":{"rendered":"<p>HALLITUS 2024 PUHEENJOHTAJA:&nbsp; Juho Hiltunen VARAPUHEENJOHTAJA: Mikko Tervakangas SIHTEERI: &nbsp; &nbsp; &nbsp; &nbsp; &nbsp;&nbsp; Elias Tikkanen RAHASTONHOITAJA:&nbsp; Eemeli Kokkonen PROJEKTIP\u00c4\u00c4LLIKK\u00d6: Eero Turkki SAUNAMAJURI: Mikael Rautio HALLITUS 2023 PUHEENJOHTAJA:&nbsp; Mikko Tervakangas VARAPUHEENJOHTAJA: Juha Rauhala SIHTEERI: &nbsp; &nbsp; &nbsp; &nbsp; &nbsp;&nbsp; Elias Tikkanen RAHASTONHOITAJA:&nbsp; Veera Korteniemi PROJEKTIP\u00c4\u00c4LLIKK\u00d6: Juho Hiltunen SAUNAMAJURI: Eemeli Kokkonen HALLITUS 2022 PUHEENJOHTAJA:&nbsp; &nbsp; &nbsp;&nbsp; [&hellip;]<\/p>\n","protected":false},"author":1,"featured_media":0,"parent":0,"menu_order":0,"comment_status":"closed","ping_status":"closed","template":"","meta":{"footnotes":""},"class_list":["post-163","page","type-page","status-publish","hentry"],"_links":{"self":[{"href":"https:\/\/www.teeksu.fi\/index.php\/wp-json\/wp\/v2\/pages\/163","targetHints":{"allow":["GET"]}}],"collection":[{"href":"https:\/\/www.teeksu.fi\/index.php\/wp-json\/wp\/v2\/pages"}],"about":[{"href":"https:\/\/www.teeksu.fi\/index.php\/wp-json\/wp\/v2\/types\/page"}],"author":[{"embeddable":true,"href":"https:\/\/www.teeksu.fi\/index.php\/wp-json\/wp\/v2\/users\/1"}],"replies":[{"embeddable":true,"href":"https:\/\/www.teeksu.fi\/index.php\/wp-json\/wp\/v2\/comments?post=163"}],"version-history":[{"count":2,"href":"https:\/\/www.teeksu.fi\/index.php\/wp-json\/wp\/v2\/pages\/163\/revisions"}],"predecessor-version":[{"id":1245,"href":"https:\/\/www.teeksu.fi\/index.php\/wp-json\/wp\/v2\/pages\/163\/revisions\/1245"}],"wp:attachment":[{"href":"https:\/\/www.teeksu.fi\/index.php\/wp-json\/wp\/v2\/media?parent=163"}],"curies":[{"name":"wp","href":"https:\/\/api.w.org\/{rel}","templated":true}]}}